{"id":145670,"date":"2026-06-08T15:22:09","date_gmt":"2026-06-08T13:22:09","guid":{"rendered":"https:\/\/a4action.ro\/?page_id=145670"},"modified":"2026-08-11T11:09:07","modified_gmt":"2026-08-11T09:09:07","slug":"glossary-and-references","status":"publish","type":"page","link":"https:\/\/a4action.ro\/de\/inclusionary\/toolbox\/glossary-and-references\/","title":{"rendered":"Glossary and references"},"content":{"rendered":"<div class=\"wpb-content-wrapper\"><p>[vc_row][vc_column width=&#8220;1\/1&#8243;][uncode_block id=&#8220;143257&#8243;][\/vc_column][\/vc_row][vc_row][vc_column width=&#8220;1\/1&#8243;][vc_empty_space empty_h=&#8220;0&#8243;][\/vc_column][\/vc_row][vc_row row_height_percent=&#8220;0&#8243; override_padding=&#8220;yes&#8220; h_padding=&#8220;2&#8243; top_padding=&#8220;2&#8243; bottom_padding=&#8220;3&#8243; overlay_alpha=&#8220;50&#8243; gutter_size=&#8220;4&#8243; column_width_percent=&#8220;100&#8243; shift_y=&#8220;0&#8243; z_index=&#8220;0&#8243; content_parallax=&#8220;0&#8243; uncode_shortcode_id=&#8220;182173&#8243;][vc_column column_width_percent=&#8220;100&#8243; gutter_size=&#8220;2&#8243; override_padding=&#8220;yes&#8220; column_padding=&#8220;2&#8243; style=&#8220;dark&#8220; back_color=&#8220;color-564791&#8243; overlay_alpha=&#8220;50&#8243; shift_x=&#8220;0&#8243; shift_y=&#8220;0&#8243; shift_y_down=&#8220;0&#8243; z_index=&#8220;0&#8243; medium_width=&#8220;0&#8243; mobile_width=&#8220;0&#8243; sticky=&#8220;yes&#8220; width=&#8220;1\/4&#8243; uncode_shortcode_id=&#8220;876337&#8243; back_color_type=&#8220;uncode-palette&#8220;][vc_column_text uncode_shortcode_id=&#8220;165981&#8243;]<a href=\"https:\/\/a4action.ro\/de\/toolbox\/\"><strong>Einf\u00fchrung<\/strong><\/a>[\/vc_column_text][vc_separator sep_color=&#8220;&#8220; uncode_shortcode_id=&#8220;279653&#8243;][vc_column_text uncode_shortcode_id=&#8220;396670&#8243;]<a href=\"https:\/\/a4action.ro\/de\/toolbox\/what-does-inclusion-mean-and-who-is-our-target-group\/\"><strong>Was bedeutet Inklusion und wer ist unsere Zielgruppe?<\/strong><\/a>[\/vc_column_text][vc_separator sep_color=&#8220;&#8220; uncode_shortcode_id=&#8220;279653&#8243;][vc_column_text uncode_shortcode_id=&#8220;376876&#8243;]<a href=\"https:\/\/a4action.ro\/de\/toolbox\/how-to-use-the-inclusionary-toolbox\/\"><strong>So benutzt du die Toolbox<\/strong><\/a>[\/vc_column_text][vc_separator sep_color=&#8220;&#8220; uncode_shortcode_id=&#8220;279653&#8243;][vc_column_text uncode_shortcode_id=&#8220;764063&#8243;]<a href=\"https:\/\/a4action.ro\/de\/toolbox\/guidelines-for-facilitators\/\"><strong>Moderationshinweise<\/strong><\/a>[\/vc_column_text][vc_separator sep_color=&#8220;&#8220; uncode_shortcode_id=&#8220;279653&#8243;][vc_column_text uncode_shortcode_id=&#8220;104792&#8243;]<a href=\"https:\/\/a4action.ro\/de\/toolbox\/working-with-specific-groups\/\"><strong>Arbeit mit bestimmten Gruppen<\/strong><\/a>[\/vc_column_text][vc_separator sep_color=&#8220;&#8220; uncode_shortcode_id=&#8220;279653&#8243;][vc_column_text uncode_shortcode_id=&#8220;576214&#8243;]<a href=\"https:\/\/a4action.ro\/de\/toolbox\/icebreaking-and-warm-up-activities\/\"><strong>Eisbrecher- und Aufw\u00e4rm\u00fcbungen<\/strong><\/a>[\/vc_column_text][vc_separator sep_color=&#8220;&#8220; uncode_shortcode_id=&#8220;279653&#8243;][vc_column_text uncode_shortcode_id=&#8220;486893&#8243;]<a href=\"https:\/\/a4action.ro\/de\/toolbox\/glossary-and-references\/\"><strong>Glossar und Quellen<\/strong><\/a>[\/vc_column_text][\/vc_column][vc_column column_width_percent=&#8220;100&#8243; gutter_size=&#8220;3&#8243; overlay_alpha=&#8220;50&#8243; shift_x=&#8220;0&#8243; shift_y=&#8220;0&#8243; shift_y_down=&#8220;0&#8243; z_index=&#8220;0&#8243; medium_width=&#8220;0&#8243; mobile_width=&#8220;0&#8243; width=&#8220;3\/4&#8243; uncode_shortcode_id=&#8220;197859&#8243;][vc_row_inner][vc_column_inner width=&#8220;1\/1&#8243;][vc_custom_heading text_color=&#8220;color-564791&#8243; uncode_shortcode_id=&#8220;704234&#8243; text_color_type=&#8220;uncode-palette&#8220;]Glossar[\/vc_custom_heading][\/vc_column_inner][\/vc_row_inner][vc_row_inner][vc_column_inner column_width_percent=&#8220;100&#8243; gutter_size=&#8220;3&#8243; override_padding=&#8220;yes&#8220; column_padding=&#8220;2&#8243; overlay_alpha=&#8220;50&#8243; border_color=&#8220;color-187928&#8243; border_style=&#8220;solid&#8220; preserve_border=&#8220;yes&#8220; preserve_border_tablet=&#8220;yes&#8220; preserve_border_mobile=&#8220;yes&#8220; shift_x=&#8220;0&#8243; shift_y=&#8220;0&#8243; shift_y_down=&#8220;0&#8243; z_index=&#8220;0&#8243; medium_width=&#8220;0&#8243; mobile_width=&#8220;0&#8243; width=&#8220;1\/1&#8243; uncode_shortcode_id=&#8220;468778&#8243; css=&#8220;.vc_custom_1780921688459{border-top-width: 1px !important;border-right-width: 1px !important;border-bottom-width: 1px !important;border-left-width: 1px !important;}&#8220; border_color_type=&#8220;uncode-palette&#8220;][vc_column_text uncode_shortcode_id=&#8220;121752&#8243;]<\/p>\n<h5><b>Inklusion<\/b><\/h5>\n<p>Ein Prozess, der sicherstellt, dass alle Menschen gerecht behandelt werden und gleiche Chancen haben, uneingeschr\u00e4nkt teilzunehmen \u2013 egal welche Herkunft, F\u00e4higkeiten oder Lebensumst\u00e4nde sie haben. Dazu geh\u00f6rt, Umgebungen zu schaffen, in denen Vielfalt respektiert wird und jeder sein Potenzial entfalten kann.[\/vc_column_text][\/vc_column_inner][\/vc_row_inner][vc_row_inner][vc_column_inner column_width_percent=&#8220;100&#8243; gutter_size=&#8220;3&#8243; override_padding=&#8220;yes&#8220; column_padding=&#8220;2&#8243; overlay_alpha=&#8220;50&#8243; border_color=&#8220;color-187928&#8243; border_style=&#8220;solid&#8220; preserve_border=&#8220;yes&#8220; preserve_border_tablet=&#8220;yes&#8220; preserve_border_mobile=&#8220;yes&#8220; shift_x=&#8220;0&#8243; shift_y=&#8220;0&#8243; shift_y_down=&#8220;0&#8243; z_index=&#8220;0&#8243; medium_width=&#8220;0&#8243; mobile_width=&#8220;0&#8243; width=&#8220;1\/1&#8243; uncode_shortcode_id=&#8220;468778&#8243; css=&#8220;.vc_custom_1780921688459{border-top-width: 1px !important;border-right-width: 1px !important;border-bottom-width: 1px !important;border-left-width: 1px !important;}&#8220; border_color_type=&#8220;uncode-palette&#8220;][vc_column_text uncode_shortcode_id=&#8220;127112&#8243;]<\/p>\n<h5><b>Jugendliche mit geringeren Chancen (YPWFO)<\/b><\/h5>\n<p>Jugendliche, die mit wirtschaftlichen, sozialen, kulturellen, geografischen, gesundheitlichen oder bildungsbezogenen Hindernissen konfrontiert sind, die ihren Zugang zu Chancen einschr\u00e4nken, darunter auch Jugendliche mit Behinderungen, Migrant*innen oder Gefl\u00fcchtete oder solche, die in l\u00e4ndlichen Gebieten leben.[\/vc_column_text][\/vc_column_inner][\/vc_row_inner][vc_row_inner][vc_column_inner column_width_percent=&#8220;100&#8243; gutter_size=&#8220;3&#8243; override_padding=&#8220;yes&#8220; column_padding=&#8220;2&#8243; overlay_alpha=&#8220;50&#8243; border_color=&#8220;color-187928&#8243; border_style=&#8220;solid&#8220; preserve_border=&#8220;yes&#8220; preserve_border_tablet=&#8220;yes&#8220; preserve_border_mobile=&#8220;yes&#8220; shift_x=&#8220;0&#8243; shift_y=&#8220;0&#8243; shift_y_down=&#8220;0&#8243; z_index=&#8220;0&#8243; medium_width=&#8220;0&#8243; mobile_width=&#8220;0&#8243; width=&#8220;1\/1&#8243; uncode_shortcode_id=&#8220;468778&#8243; css=&#8220;.vc_custom_1780921688459{border-top-width: 1px !important;border-right-width: 1px !important;border-bottom-width: 1px !important;border-left-width: 1px !important;}&#8220; border_color_type=&#8220;uncode-palette&#8220;][vc_column_text uncode_shortcode_id=&#8220;138587&#8243;]<\/p>\n<h5><b>K\u00fcnstlerische Methoden<\/b><\/h5>\n<p>Kreative Ans\u00e4tze wie Musik, Bewegung, bildende Kunst und Theater, die in der Jugendarbeit als Hilfsmittel zum Selbstausdruck, zur Zusammenarbeit, zur Erkundung und zum sozialen Engagement eingesetzt werden.[\/vc_column_text][\/vc_column_inner][\/vc_row_inner][vc_row_inner][vc_column_inner column_width_percent=&#8220;100&#8243; gutter_size=&#8220;3&#8243; override_padding=&#8220;yes&#8220; column_padding=&#8220;2&#8243; overlay_alpha=&#8220;50&#8243; border_color=&#8220;color-187928&#8243; border_style=&#8220;solid&#8220; preserve_border=&#8220;yes&#8220; preserve_border_tablet=&#8220;yes&#8220; preserve_border_mobile=&#8220;yes&#8220; shift_x=&#8220;0&#8243; shift_y=&#8220;0&#8243; shift_y_down=&#8220;0&#8243; z_index=&#8220;0&#8243; medium_width=&#8220;0&#8243; mobile_width=&#8220;0&#8243; width=&#8220;1\/1&#8243; uncode_shortcode_id=&#8220;468778&#8243; css=&#8220;.vc_custom_1780921688459{border-top-width: 1px !important;border-right-width: 1px !important;border-bottom-width: 1px !important;border-left-width: 1px !important;}&#8220; border_color_type=&#8220;uncode-palette&#8220;][vc_column_text uncode_shortcode_id=&#8220;129105&#8243;]<\/p>\n<h5><b>Inklusive Praktiken<\/b><\/h5>\n<p>Ans\u00e4tze, Methoden und Strategien in der Jugendarbeit, die aktiv daf\u00fcr sorgen, dass alle jungen Menschen \u2013 insbesondere diejenigen, die mit Hindernissen konfrontiert sind \u2013 Zugang zu Aktivit\u00e4ten haben, daran teilnehmen und davon profitieren k\u00f6nnen. Dazu geh\u00f6rt die Anpassung von Inhalten, Kommunikation, Umgebungen und Moderationsstilen, um den vielf\u00e4ltigen Bed\u00fcrfnissen gerecht zu werden und eine gleichberechtigte Teilhabe zu f\u00f6rdern.[\/vc_column_text][\/vc_column_inner][\/vc_row_inner][vc_row_inner][vc_column_inner column_width_percent=&#8220;100&#8243; gutter_size=&#8220;3&#8243; override_padding=&#8220;yes&#8220; column_padding=&#8220;2&#8243; overlay_alpha=&#8220;50&#8243; border_color=&#8220;color-187928&#8243; border_style=&#8220;solid&#8220; preserve_border=&#8220;yes&#8220; preserve_border_tablet=&#8220;yes&#8220; preserve_border_mobile=&#8220;yes&#8220; shift_x=&#8220;0&#8243; shift_y=&#8220;0&#8243; shift_y_down=&#8220;0&#8243; z_index=&#8220;0&#8243; medium_width=&#8220;0&#8243; mobile_width=&#8220;0&#8243; width=&#8220;1\/1&#8243; uncode_shortcode_id=&#8220;468778&#8243; css=&#8220;.vc_custom_1780921688459{border-top-width: 1px !important;border-right-width: 1px !important;border-bottom-width: 1px !important;border-left-width: 1px !important;}&#8220; border_color_type=&#8220;uncode-palette&#8220;][vc_column_text uncode_shortcode_id=&#8220;142894&#8243;]<\/p>\n<h5><b>Bedarfsanalyse<\/b><\/h5>\n<p>Ein Prozess, bei dem die Interessen, Herausforderungen, St\u00e4rken und spezifischen Bed\u00fcrfnisse einer Gruppe ermittelt werden, um relevante und effektive Aktivit\u00e4ten und Lernerfahrungen zu gestalten.[\/vc_column_text][\/vc_column_inner][\/vc_row_inner][vc_row_inner][vc_column_inner column_width_percent=&#8220;100&#8243; gutter_size=&#8220;3&#8243; override_padding=&#8220;yes&#8220; column_padding=&#8220;2&#8243; overlay_alpha=&#8220;50&#8243; border_color=&#8220;color-187928&#8243; border_style=&#8220;solid&#8220; preserve_border=&#8220;yes&#8220; preserve_border_tablet=&#8220;yes&#8220; preserve_border_mobile=&#8220;yes&#8220; shift_x=&#8220;0&#8243; shift_y=&#8220;0&#8243; shift_y_down=&#8220;0&#8243; z_index=&#8220;0&#8243; medium_width=&#8220;0&#8243; mobile_width=&#8220;0&#8243; width=&#8220;1\/1&#8243; uncode_shortcode_id=&#8220;468778&#8243; css=&#8220;.vc_custom_1780921688459{border-top-width: 1px !important;border-right-width: 1px !important;border-bottom-width: 1px !important;border-left-width: 1px !important;}&#8220; border_color_type=&#8220;uncode-palette&#8220;][vc_column_text uncode_shortcode_id=&#8220;184529&#8243;]<\/p>\n<h5><b>Sicherer und mutiger Raum<\/b><\/h5>\n<p>Ein unterst\u00fctzendes Umfeld, in dem sich die Teilnehmenden k\u00f6rperlich und emotional sicher f\u00fchlen (sicherer Raum) und gleichzeitig dazu ermutigt werden, ihre Komfortzone zu verlassen, zu experimentieren und sich auszudr\u00fccken (mutiger Raum).[\/vc_column_text][\/vc_column_inner][\/vc_row_inner][vc_row_inner][vc_column_inner column_width_percent=&#8220;100&#8243; gutter_size=&#8220;3&#8243; override_padding=&#8220;yes&#8220; column_padding=&#8220;2&#8243; overlay_alpha=&#8220;50&#8243; border_color=&#8220;color-187928&#8243; border_style=&#8220;solid&#8220; preserve_border=&#8220;yes&#8220; preserve_border_tablet=&#8220;yes&#8220; preserve_border_mobile=&#8220;yes&#8220; shift_x=&#8220;0&#8243; shift_y=&#8220;0&#8243; shift_y_down=&#8220;0&#8243; z_index=&#8220;0&#8243; medium_width=&#8220;0&#8243; mobile_width=&#8220;0&#8243; width=&#8220;1\/1&#8243; uncode_shortcode_id=&#8220;468778&#8243; css=&#8220;.vc_custom_1780921688459{border-top-width: 1px !important;border-right-width: 1px !important;border-bottom-width: 1px !important;border-left-width: 1px !important;}&#8220; border_color_type=&#8220;uncode-palette&#8220;][vc_column_text uncode_shortcode_id=&#8220;174723&#8243;]<\/p>\n<h5><b>Trauma-informierter Ansatz<\/b><\/h5>\n<p>Ein Moderationsansatz, der ber\u00fccksichtigt, dass Teilnehmende m\u00f6glicherweise ein Trauma erlebt haben, und daher emotionaler Sicherheit, Wahlfreiheit, Vorhersehbarkeit und Sensibilit\u00e4t gegen\u00fcber potenziellen Ausl\u00f6sern Priorit\u00e4t einr\u00e4umt.[\/vc_column_text][\/vc_column_inner][\/vc_row_inner][vc_row_inner][vc_column_inner column_width_percent=&#8220;100&#8243; gutter_size=&#8220;3&#8243; override_padding=&#8220;yes&#8220; column_padding=&#8220;2&#8243; overlay_alpha=&#8220;50&#8243; border_color=&#8220;color-187928&#8243; border_style=&#8220;solid&#8220; preserve_border=&#8220;yes&#8220; preserve_border_tablet=&#8220;yes&#8220; preserve_border_mobile=&#8220;yes&#8220; shift_x=&#8220;0&#8243; shift_y=&#8220;0&#8243; shift_y_down=&#8220;0&#8243; z_index=&#8220;0&#8243; medium_width=&#8220;0&#8243; mobile_width=&#8220;0&#8243; width=&#8220;1\/1&#8243; uncode_shortcode_id=&#8220;468778&#8243; css=&#8220;.vc_custom_1780921688459{border-top-width: 1px !important;border-right-width: 1px !important;border-bottom-width: 1px !important;border-left-width: 1px !important;}&#8220; border_color_type=&#8220;uncode-palette&#8220;][vc_column_text uncode_shortcode_id=&#8220;191663&#8243;]<\/p>\n<h5><b>Prozessorientiertes Lernen<\/b><\/h5>\n<p>Ein Ansatz, bei dem es mehr um Erkundung, Zusammenarbeit und pers\u00f6nliche Entwicklung geht als um die Erstellung eines perfekten Endprodukts. Der Schwerpunkt liegt auf Beteiligung und Erfahrung statt auf Leistung.[\/vc_column_text][\/vc_column_inner][\/vc_row_inner][vc_row_inner][vc_column_inner column_width_percent=&#8220;100&#8243; gutter_size=&#8220;3&#8243; override_padding=&#8220;yes&#8220; column_padding=&#8220;2&#8243; overlay_alpha=&#8220;50&#8243; border_color=&#8220;color-187928&#8243; border_style=&#8220;solid&#8220; preserve_border=&#8220;yes&#8220; preserve_border_tablet=&#8220;yes&#8220; preserve_border_mobile=&#8220;yes&#8220; shift_x=&#8220;0&#8243; shift_y=&#8220;0&#8243; shift_y_down=&#8220;0&#8243; z_index=&#8220;0&#8243; medium_width=&#8220;0&#8243; mobile_width=&#8220;0&#8243; width=&#8220;1\/1&#8243; uncode_shortcode_id=&#8220;468778&#8243; css=&#8220;.vc_custom_1780921688459{border-top-width: 1px !important;border-right-width: 1px !important;border-bottom-width: 1px !important;border-left-width: 1px !important;}&#8220; border_color_type=&#8220;uncode-palette&#8220;][vc_column_text uncode_shortcode_id=&#8220;160599&#8243;]<\/p>\n<h5><b>Barrierefreiheit<\/b><\/h5>\n<p>Die Praxis, physische, emotionale, sprachliche und soziale Barrieren zu beseitigen, damit Aktivit\u00e4ten, Materialien und R\u00e4ume von allen genutzt werden k\u00f6nnen, einschlie\u00dflich Menschen mit Behinderungen oder anderen besonderen Bed\u00fcrfnissen.[\/vc_column_text][\/vc_column_inner][\/vc_row_inner][vc_row_inner][vc_column_inner column_width_percent=&#8220;100&#8243; gutter_size=&#8220;3&#8243; override_padding=&#8220;yes&#8220; column_padding=&#8220;2&#8243; overlay_alpha=&#8220;50&#8243; border_color=&#8220;color-187928&#8243; border_style=&#8220;solid&#8220; preserve_border=&#8220;yes&#8220; preserve_border_tablet=&#8220;yes&#8220; preserve_border_mobile=&#8220;yes&#8220; shift_x=&#8220;0&#8243; shift_y=&#8220;0&#8243; shift_y_down=&#8220;0&#8243; z_index=&#8220;0&#8243; medium_width=&#8220;0&#8243; mobile_width=&#8220;0&#8243; width=&#8220;1\/1&#8243; uncode_shortcode_id=&#8220;468778&#8243; css=&#8220;.vc_custom_1780921688459{border-top-width: 1px !important;border-right-width: 1px !important;border-bottom-width: 1px !important;border-left-width: 1px !important;}&#8220; border_color_type=&#8220;uncode-palette&#8220;][vc_column_text uncode_shortcode_id=&#8220;146910&#8243;]<\/p>\n<h5><b>Kulturelle Sensibilit\u00e4t<\/b><\/h5>\n<p>Das Bewusstsein f\u00fcr und der Respekt vor unterschiedlichen kulturellen Hintergr\u00fcnden, Kommunikationsstilen und sozialen Normen, um sicherzustellen, dass Aktivit\u00e4ten und Sprache inklusiv sind und frei von Vorurteilen oder Stereotypen.[\/vc_column_text][\/vc_column_inner][\/vc_row_inner][vc_custom_heading heading_semantic=&#8220;h4&#8243; text_size=&#8220;h4&#8243; uncode_shortcode_id=&#8220;204775&#8243;]Quellen[\/vc_custom_heading][vc_column_text uncode_shortcode_id=&#8220;104550&#8243;]<\/p>\n<ul>\n<li>Council of Europe. (2012). <em>Compass: Manual for Human Rights Education with Young People <\/em>https:\/\/www.coe.int\/en\/web\/compass<\/li>\n<li>Boal, A. (2005). <em>Games for actors and non-actors<\/em> (2nd Edition ed.). Routledge.<\/li>\n<li>CAST. (2018). <em>Universal Design for Learning\uff5cCAST<\/em>. CAST. Retrieved February 13, 2026, from https:\/\/www.cast.org\/what-we-do\/universal-design-for-learning\/<\/li>\n<li>EUROPEAN COMMISSION. (2021). <em>Implementation guidelines Erasmus+ and European Solidarity Corps Inclusion and Diversity Strategy<\/em> (1). Salto Youth. https:\/\/www.salto-youth.net\/downloads\/4-17-4177\/InclusionAndDiversityStrategy.pdf<\/li>\n<li>Saferworld, Public Foundation \u201cDIA\u201d, &amp; Public Association \u201cPeace Initiatives\u201d. (2025). <em>Guide to trauma-informed approach in youth work: A guide for professionals working with young people<\/em>. United Nations Peacebuilding Fund.<\/li>\n<li>https:\/\/www.saferworld-global.org\/resources\/publications\/1470-trauma-informed-youth-work-in-kyrgyzstan-saferworld<\/li>\n<li>UNICEF. (n.d.). <em>How To Implement Safeguarding<\/em>. safeguarding-youth-led-action-initiative. Retrieved February, 2026, from https:\/\/www.unicef.org\/youthledaction\/safeguarding-youth-led-action-initiative<\/li>\n<li>Valgiusti, F. (2023, March 30). <em>Introductory Handbook<\/em>. Unicef. https:\/\/www.unicef.org\/northmacedonia\/media\/12261\/file\/Trauma%20Informed%20approach.pdf<\/li>\n<\/ul>\n<p>[\/vc_column_text][\/vc_column][\/vc_row][vc_row][vc_column width=&#8220;1\/1&#8243;][uncode_block id=&#8220;143281&#8243;][\/vc_column][\/vc_row]<\/p>\n<\/div>","protected":false},"excerpt":{"rendered":"<p>[vc_row][vc_column width=&#8220;1\/1&#8243;][uncode_block id=&#8220;143257&#8243;][\/vc_column][\/vc_row][vc_row][vc_column width=&#8220;1\/1&#8243;][vc_empty_space empty_h=&#8220;0&#8243;][\/vc_column][\/vc_row][vc_row row_height_percent=&#8220;0&#8243; override_padding=&#8220;yes&#8220; h_padding=&#8220;2&#8243; top_padding=&#8220;2&#8243; bottom_padding=&#8220;3&#8243; overlay_alpha=&#8220;50&#8243; gutter_size=&#8220;4&#8243; column_width_percent=&#8220;100&#8243; shift_y=&#8220;0&#8243; z_index=&#8220;0&#8243; content_parallax=&#8220;0&#8243; uncode_shortcode_id=&#8220;182173&#8243;][vc_column column_width_percent=&#8220;100&#8243; gutter_size=&#8220;2&#8243; override_padding=&#8220;yes&#8220; [&hellip;]<\/p>\n","protected":false},"author":1,"featured_media":0,"parent":144219,"menu_order":0,"comment_status":"closed","ping_status":"closed","template":"","meta":{"footnotes":""},"class_list":["post-145670","page","type-page","status-publish","hentry"],"_links":{"self":[{"href":"https:\/\/a4action.ro\/de\/wp-json\/wp\/v2\/pages\/145670","targetHints":{"allow":["GET"]}}],"collection":[{"href":"https:\/\/a4action.ro\/de\/wp-json\/wp\/v2\/pages"}],"about":[{"href":"https:\/\/a4action.ro\/de\/wp-json\/wp\/v2\/types\/page"}],"author":[{"embeddable":true,"href":"https:\/\/a4action.ro\/de\/wp-json\/wp\/v2\/users\/1"}],"replies":[{"embeddable":true,"href":"https:\/\/a4action.ro\/de\/wp-json\/wp\/v2\/comments?post=145670"}],"version-history":[{"count":3,"href":"https:\/\/a4action.ro\/de\/wp-json\/wp\/v2\/pages\/145670\/revisions"}],"predecessor-version":[{"id":146173,"href":"https:\/\/a4action.ro\/de\/wp-json\/wp\/v2\/pages\/145670\/revisions\/146173"}],"up":[{"embeddable":true,"href":"https:\/\/a4action.ro\/de\/wp-json\/wp\/v2\/pages\/144219"}],"wp:attachment":[{"href":"https:\/\/a4action.ro\/de\/wp-json\/wp\/v2\/media?parent=145670"}],"curies":[{"name":"wp","href":"https:\/\/api.w.org\/{rel}","templated":true}]}}